{"id":4283,"date":"2021-07-01T10:03:23","date_gmt":"2021-07-01T10:03:23","guid":{"rendered":"https:\/\/www.weddingportugal.com\/de-wedding-packages\/kleine-hochzeitspakete-strandhochzeiten\/palasthochzeit-in-lissabon-pacos-de-concelho-palacio-de-mitra\/"},"modified":"2021-07-26T17:37:46","modified_gmt":"2021-07-26T17:37:46","slug":"palasthochzeit-in-lissabon-pacos-de-concelho-palacio-de-mitra","status":"publish","type":"page","link":"https:\/\/www.weddingportugal.com\/de\/de-wedding-packages\/kleine-hochzeitspakete-strandhochzeiten\/palasthochzeit-in-lissabon-pacos-de-concelho-palacio-de-mitra\/","title":{"rendered":"Palasthochzeit in Lissabon Pa\u00e7os de Concelho \/ Palacio de Mitra"},"content":{"rendered":"\t\t<div data-elementor-type=\"wp-page\" data-elementor-id=\"4283\" class=\"elementor elementor-4283 elementor-3361\" data-elementor-post-type=\"page\">\n\t\t\t\t\t\t<section class=\"elementor-section elementor-inner-section elementor-element elementor-element-784f0ad elementor-section-boxed elementor-section-height-default elementor-section-height-default\" data-id=\"784f0ad\" data-element_type=\"section\" data-e-type=\"section\">\n\t\t\t\t\t\t<div class=\"elementor-container elementor-column-gap-no\">\n\t\t\t\t\t<div class=\"elementor-column elementor-col-50 elementor-inner-column elementor-element elementor-element-7b9c9bd\" data-id=\"7b9c9bd\" data-element_type=\"column\" data-e-type=\"column\">\n\t\t\t<div class=\"elementor-widget-wrap elementor-element-populated\">\n\t\t\t\t\t\t<div class=\"elementor-element elementor-element-9e16ebe elementor-widget elementor-widget-text-editor\" data-id=\"9e16ebe\" data-element_type=\"widget\" data-e-type=\"widget\" data-widget_type=\"text-editor.default\">\n\t\t\t\t<div class=\"elementor-widget-container\">\n\t\t\t\t\t\t\t\t\t<p>Das Rathaus, ein neoklassizistischer Palast, ist ein sch\u00f6nes und gro\u00dfartiges altes Geb\u00e4ude, das einen der Hauptpl\u00e4tze \u00fcberblickt, mit einem eleganten \u00c4u\u00dferen, das Skulpturen auf dem dreieckigen Tympanon aufweist, das von vier gepaarten S\u00e4ulen getragen wird. Mit seinem Innenraum, der reich an Kunstwerken ist, wie z.B. einem Gem\u00e4lde, das den Marqu\u00eas de Pombal w\u00e4hrend des Wiederaufbaus Lissabons darstellt, bietet es sich als perfekter Ort f\u00fcr eine unvergessliche Hochzeit an.<\/p>\n<p>Als ehemalige Sommerresidenz zun\u00e4chst der Erzbisch\u00f6fe, dann der Patriarchen von Lissabon wurde der Pal\u00e1cio de Mitra 1730 im Auftrag von Tom\u00e1s de Almeida erbaut. Im Inneren trifft man auf die typischen portugiesischen Kacheln aus dem 18. Jahrhundert in Blau und Wei\u00df, die sich durch ihren thematischen Reichtum und ihre gro\u00dfe malerische Qualit\u00e4t auszeichnen.<\/p>\n<p>Der Palast verf\u00fcgt auch \u00fcber ein zwei Kilometer langes Aqu\u00e4dukt, das zwei Brunnen speist, von denen einer monumental ist, die alle im 18. gebaut wurden.<\/p>\n\t\t\t\t\t\t\t\t<\/div>\n\t\t\t\t<\/div>\n\t\t\t\t<div class=\"elementor-element elementor-element-f68b010 elementor-widget elementor-widget-image\" data-id=\"f68b010\" data-element_type=\"widget\" data-e-type=\"widget\" data-widget_type=\"image.default\">\n\t\t\t\t<div class=\"elementor-widget-container\">\n\t\t\t\t\t\t\t\t\t\t\t\t\t\t\t<img fetchpriority=\"high\" decoding=\"async\" width=\"760\" height=\"500\" src=\"https:\/\/www.weddingportugal.com\/wp-content\/uploads\/2021\/03\/Pacos-Concelho01.jpg\" class=\"attachment-large size-large wp-image-3473\" alt=\"\" srcset=\"https:\/\/www.weddingportugal.com\/wp-content\/uploads\/2021\/03\/Pacos-Concelho01.jpg 760w, https:\/\/www.weddingportugal.com\/wp-content\/uploads\/2021\/03\/Pacos-Concelho01-300x197.jpg 300w\" sizes=\"(max-width: 760px) 100vw, 760px\" \/>\t\t\t\t\t\t\t\t\t\t\t\t\t\t\t<\/div>\n\t\t\t\t<\/div>\n\t\t\t\t\t<\/div>\n\t\t<\/div>\n\t\t\t\t<div class=\"elementor-column elementor-col-50 elementor-inner-column elementor-element elementor-element-842524e\" data-id=\"842524e\" data-element_type=\"column\" data-e-type=\"column\">\n\t\t\t<div class=\"elementor-widget-wrap elementor-element-populated\">\n\t\t\t\t\t\t<div class=\"elementor-element elementor-element-13b3060 elementor-widget elementor-widget-price-table\" data-id=\"13b3060\" data-element_type=\"widget\" data-e-type=\"widget\" data-widget_type=\"price-table.default\">\n\t\t\t\t<div class=\"elementor-widget-container\">\n\t\t\t\t\t\n\t\t<div class=\"elementor-price-table\">\n\t\t\t\t\t\t\t<div class=\"elementor-price-table__header\">\n\t\t\t\t\t\n\t\t\t\t\t\t\t\t\t\t\t<span class=\"elementor-price-table__subheading\">\n\t\t\t\t\t\t\tDie Kosten sind abh\u00e4ngig von der Nationalit\u00e4t, dem Familienstand und dem verf\u00fcgbaren Standesbeamten (eventuelle Transportkosten kommen hinzu)\t\t\t\t\t\t<\/span>\n\t\t\t\t\t\t\t\t\t<\/div>\n\t\t\t\n\t\t\t<div class=\"elementor-price-table__price\">\n\t\t\t\t\t\t\t\t<span class=\"elementor-price-table__currency\">&#128;<\/span>\t\t\t\t\t\t\t\t\t<span class=\"elementor-price-table__integer-part\">\n\t\t\t\t\t\t1800\t\t\t\t\t<\/span>\n\t\t\t\t\n\t\t\t\t\n\t\t\t\t\n\t\t\t\t\t\t\t<\/div>\n\n\t\t\t\t\t\t\t<ul class=\"elementor-price-table__features-list\">\n\t\t\t\t\t\t\t\t\t\t\t<li class=\"elementor-repeater-item-999cf7e\">\n\t\t\t\t\t\t\t<div class=\"elementor-price-table__feature-inner\">\n\t\t\t\t\t\t\t\t<i aria-hidden=\"true\" class=\"far fa-check-circle\"><\/i>\t\t\t\t\t\t\t\t\t\t\t\t\t\t\t\t\t<span >\n\t\t\t\t\t\t\t\t\t\tPlanung der Hochzeitszeremonie\t\t\t\t\t\t\t\t\t<\/span>\n\t\t\t\t\t\t\t\t\t\t\t\t\t\t\t\t<\/div>\n\t\t\t\t\t\t<\/li>\n\t\t\t\t\t\t\t\t\t\t\t<li class=\"elementor-repeater-item-b8dbda0\">\n\t\t\t\t\t\t\t<div class=\"elementor-price-table__feature-inner\">\n\t\t\t\t\t\t\t\t<i aria-hidden=\"true\" class=\"far fa-check-circle\"><\/i>\t\t\t\t\t\t\t\t\t\t\t\t\t\t\t\t\t<span >\n\t\t\t\t\t\t\t\t\t\tAnmietung der Hochzeitslocation \t\t\t\t\t\t\t\t\t<\/span>\n\t\t\t\t\t\t\t\t\t\t\t\t\t\t\t\t<\/div>\n\t\t\t\t\t\t<\/li>\n\t\t\t\t\t\t\t\t\t\t\t<li class=\"elementor-repeater-item-337046e\">\n\t\t\t\t\t\t\t<div class=\"elementor-price-table__feature-inner\">\n\t\t\t\t\t\t\t\t<i aria-hidden=\"true\" class=\"far fa-check-circle\"><\/i>\t\t\t\t\t\t\t\t\t\t\t\t\t\t\t\t\t<span >\n\t\t\t\t\t\t\t\t\t\tOrganisieren der Hochzeitsdekoration \t\t\t\t\t\t\t\t\t<\/span>\n\t\t\t\t\t\t\t\t\t\t\t\t\t\t\t\t<\/div>\n\t\t\t\t\t\t<\/li>\n\t\t\t\t\t\t\t\t\t\t\t<li class=\"elementor-repeater-item-28c2480\">\n\t\t\t\t\t\t\t<div class=\"elementor-price-table__feature-inner\">\n\t\t\t\t\t\t\t\t<i aria-hidden=\"true\" class=\"far fa-check-circle\"><\/i>\t\t\t\t\t\t\t\t\t\t\t\t\t\t\t\t\t<span >\n\t\t\t\t\t\t\t\t\t\tLautsprecher mit Mikrofon\t\t\t\t\t\t\t\t\t<\/span>\n\t\t\t\t\t\t\t\t\t\t\t\t\t\t\t\t<\/div>\n\t\t\t\t\t\t<\/li>\n\t\t\t\t\t\t\t\t\t\t\t<li class=\"elementor-repeater-item-2043a7e\">\n\t\t\t\t\t\t\t<div class=\"elementor-price-table__feature-inner\">\n\t\t\t\t\t\t\t\t<i aria-hidden=\"true\" class=\"far fa-check-circle\"><\/i>\t\t\t\t\t\t\t\t\t\t\t\t\t\t\t\t\t<span >\n\t\t\t\t\t\t\t\t\t\tBrautstrau\u00df und Boutonniere (saisonale Blumen) \t\t\t\t\t\t\t\t\t<\/span>\n\t\t\t\t\t\t\t\t\t\t\t\t\t\t\t\t<\/div>\n\t\t\t\t\t\t<\/li>\n\t\t\t\t\t\t\t\t\t\t\t<li class=\"elementor-repeater-item-0e8fc6a\">\n\t\t\t\t\t\t\t<div class=\"elementor-price-table__feature-inner\">\n\t\t\t\t\t\t\t\t<i aria-hidden=\"true\" class=\"far fa-check-circle\"><\/i>\t\t\t\t\t\t\t\t\t\t\t\t\t\t\t\t\t<span >\n\t\t\t\t\t\t\t\t\t\tZelebrant der Hochzeit\t\t\t\t\t\t\t\t\t<\/span>\n\t\t\t\t\t\t\t\t\t\t\t\t\t\t\t\t<\/div>\n\t\t\t\t\t\t<\/li>\n\t\t\t\t\t\t\t\t\t\t\t<li class=\"elementor-repeater-item-2910361\">\n\t\t\t\t\t\t\t<div class=\"elementor-price-table__feature-inner\">\n\t\t\t\t\t\t\t\t<i aria-hidden=\"true\" class=\"far fa-check-circle\"><\/i>\t\t\t\t\t\t\t\t\t\t\t\t\t\t\t\t\t<span >\n\t\t\t\t\t\t\t\t\t\tFotoservice (2h)\t\t\t\t\t\t\t\t\t<\/span>\n\t\t\t\t\t\t\t\t\t\t\t\t\t\t\t\t<\/div>\n\t\t\t\t\t\t<\/li>\n\t\t\t\t\t\t\t\t\t\t\t<li class=\"elementor-repeater-item-d788e29\">\n\t\t\t\t\t\t\t<div class=\"elementor-price-table__feature-inner\">\n\t\t\t\t\t\t\t\t<i aria-hidden=\"true\" class=\"far fa-check-circle\"><\/i>\t\t\t\t\t\t\t\t\t\t\t\t\t\t\t\t\t<span >\n\t\t\t\t\t\t\t\t\t\tSymbolische Heiratsurkunde\t\t\t\t\t\t\t\t\t<\/span>\n\t\t\t\t\t\t\t\t\t\t\t\t\t\t\t\t<\/div>\n\t\t\t\t\t\t<\/li>\n\t\t\t\t\t\t\t\t\t<\/ul>\n\t\t\t\n\t\t\t\t\t\t\t<div class=\"elementor-price-table__footer\">\n\t\t\t\t\t\t\t\t\t\t\t<a class=\"elementor-price-table__button elementor-button elementor-size-md\" href=\"http:\/\/www.weddingportugal.com\/de\/anfrage\/\">\n\t\t\t\t\t\t\tJetzt starten\t\t\t\t\t\t<\/a>\n\t\t\t\t\t\n\t\t\t\t\t\t\t\t\t\t\t<div class=\"elementor-price-table__additional_info\">\n\t\t\t\t\t\t\tBei Buchung eines standesamtlichen Pakets betragen die Kosten f\u00fcr die Trauung \u20ac 730<br>nur am Wochenende\t\t\t\t\t\t<\/div>\n\t\t\t\t\t\t\t\t\t<\/div>\n\t\t\t\t\t<\/div>\n\n\t\t\t\t\t\t<\/div>\n\t\t\t\t<\/div>\n\t\t\t\t\t<\/div>\n\t\t<\/div>\n\t\t\t\t\t<\/div>\n\t\t<\/section>\n\t\t\t\t<section class=\"elementor-section elementor-top-section elementor-element elementor-element-658c6873 elementor-section-boxed elementor-section-height-default elementor-section-height-default\" data-id=\"658c6873\" data-element_type=\"section\" data-e-type=\"section\">\n\t\t\t\t\t\t<div class=\"elementor-container elementor-column-gap-default\">\n\t\t\t\t\t<div class=\"elementor-column elementor-col-100 elementor-top-column elementor-element elementor-element-487b018b\" data-id=\"487b018b\" data-element_type=\"column\" data-e-type=\"column\">\n\t\t\t<div class=\"elementor-widget-wrap elementor-element-populated\">\n\t\t\t\t\t\t<div class=\"elementor-element elementor-element-75135601 elementor-arrows-position-inside elementor-pagination-position-outside elementor-widget elementor-widget-image-carousel\" data-id=\"75135601\" data-element_type=\"widget\" data-e-type=\"widget\" data-settings=\"{&quot;slides_to_scroll&quot;:&quot;3&quot;,&quot;navigation&quot;:&quot;both&quot;,&quot;autoplay&quot;:&quot;yes&quot;,&quot;pause_on_hover&quot;:&quot;yes&quot;,&quot;pause_on_interaction&quot;:&quot;yes&quot;,&quot;autoplay_speed&quot;:5000,&quot;infinite&quot;:&quot;yes&quot;,&quot;speed&quot;:500,&quot;image_spacing_custom&quot;:{&quot;unit&quot;:&quot;px&quot;,&quot;size&quot;:20,&quot;sizes&quot;:[]},&quot;image_spacing_custom_tablet&quot;:{&quot;unit&quot;:&quot;px&quot;,&quot;size&quot;:&quot;&quot;,&quot;sizes&quot;:[]},&quot;image_spacing_custom_mobile&quot;:{&quot;unit&quot;:&quot;px&quot;,&quot;size&quot;:&quot;&quot;,&quot;sizes&quot;:[]}}\" data-widget_type=\"image-carousel.default\">\n\t\t\t\t<div class=\"elementor-widget-container\">\n\t\t\t\t\t\t\t<div class=\"elementor-image-carousel-wrapper swiper\" role=\"region\" aria-roledescription=\"carousel\" aria-label=\"Bild Karussell\" dir=\"ltr\">\n\t\t\t<div class=\"elementor-image-carousel swiper-wrapper swiper-image-stretch\" aria-live=\"off\">\n\t\t\t\t\t\t\t\t<div class=\"swiper-slide\" role=\"group\" aria-roledescription=\"slide\" aria-label=\"1 von 3\"><a data-elementor-open-lightbox=\"yes\" data-elementor-lightbox-slideshow=\"75135601\" data-elementor-lightbox-title=\"Pacos-Concelho04\" data-e-action-hash=\"#elementor-action%3Aaction%3Dlightbox%26settings%3DeyJpZCI6MzQ4NSwidXJsIjoiaHR0cHM6XC9cL3d3dy53ZWRkaW5ncG9ydHVnYWwuY29tXC93cC1jb250ZW50XC91cGxvYWRzXC8yMDIxXC8wM1wvUGFjb3MtQ29uY2VsaG8wNC5qcGciLCJzbGlkZXNob3ciOiI3NTEzNTYwMSJ9\" href=\"https:\/\/www.weddingportugal.com\/wp-content\/uploads\/2021\/03\/Pacos-Concelho04.jpg\"><figure class=\"swiper-slide-inner\"><img decoding=\"async\" class=\"swiper-slide-image\" src=\"https:\/\/www.weddingportugal.com\/wp-content\/uploads\/2021\/03\/Pacos-Concelho04.jpg\" alt=\"Pacos-Concelho04\" \/><\/figure><\/a><\/div><div class=\"swiper-slide\" role=\"group\" aria-roledescription=\"slide\" aria-label=\"2 von 3\"><a data-elementor-open-lightbox=\"yes\" data-elementor-lightbox-slideshow=\"75135601\" data-elementor-lightbox-title=\"Pacos-Concelho03\" data-e-action-hash=\"#elementor-action%3Aaction%3Dlightbox%26settings%3DeyJpZCI6MzQ4MSwidXJsIjoiaHR0cHM6XC9cL3d3dy53ZWRkaW5ncG9ydHVnYWwuY29tXC93cC1jb250ZW50XC91cGxvYWRzXC8yMDIxXC8wM1wvUGFjb3MtQ29uY2VsaG8wMy5qcGciLCJzbGlkZXNob3ciOiI3NTEzNTYwMSJ9\" href=\"https:\/\/www.weddingportugal.com\/wp-content\/uploads\/2021\/03\/Pacos-Concelho03.jpg\"><figure class=\"swiper-slide-inner\"><img decoding=\"async\" class=\"swiper-slide-image\" src=\"https:\/\/www.weddingportugal.com\/wp-content\/uploads\/2021\/03\/Pacos-Concelho03.jpg\" alt=\"Pacos-Concelho03\" \/><\/figure><\/a><\/div><div class=\"swiper-slide\" role=\"group\" aria-roledescription=\"slide\" aria-label=\"3 von 3\"><a data-elementor-open-lightbox=\"yes\" data-elementor-lightbox-slideshow=\"75135601\" data-elementor-lightbox-title=\"Pacos-Concelho02\" data-e-action-hash=\"#elementor-action%3Aaction%3Dlightbox%26settings%3DeyJpZCI6MzQ3NywidXJsIjoiaHR0cHM6XC9cL3d3dy53ZWRkaW5ncG9ydHVnYWwuY29tXC93cC1jb250ZW50XC91cGxvYWRzXC8yMDIxXC8wM1wvUGFjb3MtQ29uY2VsaG8wMi5qcGciLCJzbGlkZXNob3ciOiI3NTEzNTYwMSJ9\" href=\"https:\/\/www.weddingportugal.com\/wp-content\/uploads\/2021\/03\/Pacos-Concelho02.jpg\"><figure class=\"swiper-slide-inner\"><img decoding=\"async\" class=\"swiper-slide-image\" src=\"https:\/\/www.weddingportugal.com\/wp-content\/uploads\/2021\/03\/Pacos-Concelho02.jpg\" alt=\"Pacos-Concelho02\" \/><\/figure><\/a><\/div>\t\t\t<\/div>\n\t\t\t\t\t\t\t\t\t\t\t\t<div class=\"elementor-swiper-button elementor-swiper-button-prev\" role=\"button\" tabindex=\"0\">\n\t\t\t\t\t\t<i aria-hidden=\"true\" class=\"eicon-chevron-left\"><\/i>\t\t\t\t\t<\/div>\n\t\t\t\t\t<div class=\"elementor-swiper-button elementor-swiper-button-next\" role=\"button\" tabindex=\"0\">\n\t\t\t\t\t\t<i aria-hidden=\"true\" class=\"eicon-chevron-right\"><\/i>\t\t\t\t\t<\/div>\n\t\t\t\t\n\t\t\t\t\t\t\t\t\t<div class=\"swiper-pagination\"><\/div>\n\t\t\t\t\t\t\t\t\t<\/div>\n\t\t\t\t\t\t<\/div>\n\t\t\t\t<\/div>\n\t\t\t\t\t<\/div>\n\t\t<\/div>\n\t\t\t\t\t<\/div>\n\t\t<\/section>\n\t\t\t\t<\/div>\n\t\t","protected":false},"excerpt":{"rendered":"<p>Das Rathaus, ein neoklassizistischer Palast, ist ein sch\u00f6nes und gro\u00dfartiges altes Geb\u00e4ude, das einen der Hauptpl\u00e4tze \u00fcberblickt, mit einem eleganten \u00c4u\u00dferen, das Skulpturen auf dem dreieckigen Tympanon aufweist, das von vier gepaarten S\u00e4ulen getragen wird. Mit seinem Innenraum, der reich an Kunstwerken ist, wie z.B. einem Gem\u00e4lde, das den Marqu\u00eas de Pombal w\u00e4hrend des Wiederaufbaus [&hellip;]<\/p>\n","protected":false},"author":1,"featured_media":3473,"parent":4251,"menu_order":3,"comment_status":"closed","ping_status":"closed","template":"","meta":{"content-type":"","footnotes":""},"class_list":["post-4283","page","type-page","status-publish","has-post-thumbnail","hentry"],"yoast_head":"<!-- This site is optimized with the Yoast SEO plugin v27.2 - https:\/\/yoast.com\/product\/yoast-seo-wordpress\/ -->\n<title>Palasthochzeit in Lissabon Pa\u00e7os de Concelho \/ Palacio de Mitra - Wedding Portugal<\/title>\n<meta name=\"robots\" content=\"index, follow, max-snippet:-1, max-image-preview:large, max-video-preview:-1\" \/>\n<link rel=\"canonical\" href=\"https:\/\/www.weddingportugal.com\/de\/de-wedding-packages\/kleine-hochzeitspakete-strandhochzeiten\/palasthochzeit-in-lissabon-pacos-de-concelho-palacio-de-mitra\/\" \/>\n<meta property=\"og:locale\" content=\"de_DE\" \/>\n<meta property=\"og:type\" content=\"article\" \/>\n<meta property=\"og:title\" content=\"Palasthochzeit in Lissabon Pa\u00e7os de Concelho \/ Palacio de Mitra - Wedding Portugal\" \/>\n<meta property=\"og:description\" content=\"Das Rathaus, ein neoklassizistischer Palast, ist ein sch\u00f6nes und gro\u00dfartiges altes Geb\u00e4ude, das einen der Hauptpl\u00e4tze \u00fcberblickt, mit einem eleganten \u00c4u\u00dferen, das Skulpturen auf dem dreieckigen Tympanon aufweist, das von vier gepaarten S\u00e4ulen getragen wird. Mit seinem Innenraum, der reich an Kunstwerken ist, wie z.B. einem Gem\u00e4lde, das den Marqu\u00eas de Pombal w\u00e4hrend des Wiederaufbaus [&hellip;]\" \/>\n<meta property=\"og:url\" content=\"https:\/\/www.weddingportugal.com\/de\/de-wedding-packages\/kleine-hochzeitspakete-strandhochzeiten\/palasthochzeit-in-lissabon-pacos-de-concelho-palacio-de-mitra\/\" \/>\n<meta property=\"og:site_name\" content=\"Wedding Portugal\" \/>\n<meta property=\"article:modified_time\" content=\"2021-07-26T17:37:46+00:00\" \/>\n<meta property=\"og:image\" content=\"https:\/\/www.weddingportugal.com\/wp-content\/uploads\/2021\/03\/Pacos-Concelho01.jpg\" \/>\n\t<meta property=\"og:image:width\" content=\"760\" \/>\n\t<meta property=\"og:image:height\" content=\"500\" \/>\n\t<meta property=\"og:image:type\" content=\"image\/jpeg\" \/>\n<meta name=\"twitter:card\" content=\"summary_large_image\" \/>\n<meta name=\"twitter:label1\" content=\"Gesch\u00e4tzte Lesezeit\" \/>\n\t<meta name=\"twitter:data1\" content=\"1\u00a0Minute\" \/>\n<script type=\"application\/ld+json\" class=\"yoast-schema-graph\">{\"@context\":\"https:\/\/schema.org\",\"@graph\":[{\"@type\":\"WebPage\",\"@id\":\"https:\/\/www.weddingportugal.com\/de\/de-wedding-packages\/kleine-hochzeitspakete-strandhochzeiten\/palasthochzeit-in-lissabon-pacos-de-concelho-palacio-de-mitra\/\",\"url\":\"https:\/\/www.weddingportugal.com\/de\/de-wedding-packages\/kleine-hochzeitspakete-strandhochzeiten\/palasthochzeit-in-lissabon-pacos-de-concelho-palacio-de-mitra\/\",\"name\":\"Palasthochzeit in Lissabon Pa\u00e7os de Concelho \/ Palacio de Mitra - Wedding Portugal\",\"isPartOf\":{\"@id\":\"https:\/\/www.weddingportugal.com\/de\/#website\"},\"primaryImageOfPage\":{\"@id\":\"https:\/\/www.weddingportugal.com\/de\/de-wedding-packages\/kleine-hochzeitspakete-strandhochzeiten\/palasthochzeit-in-lissabon-pacos-de-concelho-palacio-de-mitra\/#primaryimage\"},\"image\":{\"@id\":\"https:\/\/www.weddingportugal.com\/de\/de-wedding-packages\/kleine-hochzeitspakete-strandhochzeiten\/palasthochzeit-in-lissabon-pacos-de-concelho-palacio-de-mitra\/#primaryimage\"},\"thumbnailUrl\":\"https:\/\/www.weddingportugal.com\/wp-content\/uploads\/2021\/03\/Pacos-Concelho01.jpg\",\"datePublished\":\"2021-07-01T10:03:23+00:00\",\"dateModified\":\"2021-07-26T17:37:46+00:00\",\"breadcrumb\":{\"@id\":\"https:\/\/www.weddingportugal.com\/de\/de-wedding-packages\/kleine-hochzeitspakete-strandhochzeiten\/palasthochzeit-in-lissabon-pacos-de-concelho-palacio-de-mitra\/#breadcrumb\"},\"inLanguage\":\"de\",\"potentialAction\":[{\"@type\":\"ReadAction\",\"target\":[\"https:\/\/www.weddingportugal.com\/de\/de-wedding-packages\/kleine-hochzeitspakete-strandhochzeiten\/palasthochzeit-in-lissabon-pacos-de-concelho-palacio-de-mitra\/\"]}]},{\"@type\":\"ImageObject\",\"inLanguage\":\"de\",\"@id\":\"https:\/\/www.weddingportugal.com\/de\/de-wedding-packages\/kleine-hochzeitspakete-strandhochzeiten\/palasthochzeit-in-lissabon-pacos-de-concelho-palacio-de-mitra\/#primaryimage\",\"url\":\"https:\/\/www.weddingportugal.com\/wp-content\/uploads\/2021\/03\/Pacos-Concelho01.jpg\",\"contentUrl\":\"https:\/\/www.weddingportugal.com\/wp-content\/uploads\/2021\/03\/Pacos-Concelho01.jpg\",\"width\":760,\"height\":500},{\"@type\":\"BreadcrumbList\",\"@id\":\"https:\/\/www.weddingportugal.com\/de\/de-wedding-packages\/kleine-hochzeitspakete-strandhochzeiten\/palasthochzeit-in-lissabon-pacos-de-concelho-palacio-de-mitra\/#breadcrumb\",\"itemListElement\":[{\"@type\":\"ListItem\",\"position\":1,\"name\":\"Home\",\"item\":\"https:\/\/www.weddingportugal.com\/de\/\"},{\"@type\":\"ListItem\",\"position\":2,\"name\":\"Hochzeitspakete\",\"item\":\"https:\/\/www.weddingportugal.com\/de\/de-wedding-packages\/\"},{\"@type\":\"ListItem\",\"position\":3,\"name\":\"Kleine Hochzeitspakete &#038; Strandhochzeiten\",\"item\":\"https:\/\/www.weddingportugal.com\/de\/de-wedding-packages\/kleine-hochzeitspakete-strandhochzeiten\/\"},{\"@type\":\"ListItem\",\"position\":4,\"name\":\"Palasthochzeit in Lissabon Pa\u00e7os de Concelho \/ Palacio de Mitra\"}]},{\"@type\":\"WebSite\",\"@id\":\"https:\/\/www.weddingportugal.com\/de\/#website\",\"url\":\"https:\/\/www.weddingportugal.com\/de\/\",\"name\":\"Wedding Portugal\",\"description\":\"We tell you why you should get your weeding in Portugal\",\"publisher\":{\"@id\":\"https:\/\/www.weddingportugal.com\/de\/#organization\"},\"potentialAction\":[{\"@type\":\"SearchAction\",\"target\":{\"@type\":\"EntryPoint\",\"urlTemplate\":\"https:\/\/www.weddingportugal.com\/de\/?s={search_term_string}\"},\"query-input\":{\"@type\":\"PropertyValueSpecification\",\"valueRequired\":true,\"valueName\":\"search_term_string\"}}],\"inLanguage\":\"de\"},{\"@type\":\"Organization\",\"@id\":\"https:\/\/www.weddingportugal.com\/de\/#organization\",\"name\":\"Wedding Portugal\",\"url\":\"https:\/\/www.weddingportugal.com\/de\/\",\"logo\":{\"@type\":\"ImageObject\",\"inLanguage\":\"de\",\"@id\":\"https:\/\/www.weddingportugal.com\/de\/#\/schema\/logo\/image\/\",\"url\":\"https:\/\/www.weddingportugal.com\/wp-content\/uploads\/2020\/02\/cropped-logo-WeddingPortugal.png\",\"contentUrl\":\"https:\/\/www.weddingportugal.com\/wp-content\/uploads\/2020\/02\/cropped-logo-WeddingPortugal.png\",\"width\":523,\"height\":89,\"caption\":\"Wedding Portugal\"},\"image\":{\"@id\":\"https:\/\/www.weddingportugal.com\/de\/#\/schema\/logo\/image\/\"}}]}<\/script>\n<!-- \/ Yoast SEO plugin. -->","yoast_head_json":{"title":"Palasthochzeit in Lissabon Pa\u00e7os de Concelho \/ Palacio de Mitra - Wedding Portugal","robots":{"index":"index","follow":"follow","max-snippet":"max-snippet:-1","max-image-preview":"max-image-preview:large","max-video-preview":"max-video-preview:-1"},"canonical":"https:\/\/www.weddingportugal.com\/de\/de-wedding-packages\/kleine-hochzeitspakete-strandhochzeiten\/palasthochzeit-in-lissabon-pacos-de-concelho-palacio-de-mitra\/","og_locale":"de_DE","og_type":"article","og_title":"Palasthochzeit in Lissabon Pa\u00e7os de Concelho \/ Palacio de Mitra - Wedding Portugal","og_description":"Das Rathaus, ein neoklassizistischer Palast, ist ein sch\u00f6nes und gro\u00dfartiges altes Geb\u00e4ude, das einen der Hauptpl\u00e4tze \u00fcberblickt, mit einem eleganten \u00c4u\u00dferen, das Skulpturen auf dem dreieckigen Tympanon aufweist, das von vier gepaarten S\u00e4ulen getragen wird. Mit seinem Innenraum, der reich an Kunstwerken ist, wie z.B. einem Gem\u00e4lde, das den Marqu\u00eas de Pombal w\u00e4hrend des Wiederaufbaus [&hellip;]","og_url":"https:\/\/www.weddingportugal.com\/de\/de-wedding-packages\/kleine-hochzeitspakete-strandhochzeiten\/palasthochzeit-in-lissabon-pacos-de-concelho-palacio-de-mitra\/","og_site_name":"Wedding Portugal","article_modified_time":"2021-07-26T17:37:46+00:00","og_image":[{"width":760,"height":500,"url":"https:\/\/www.weddingportugal.com\/wp-content\/uploads\/2021\/03\/Pacos-Concelho01.jpg","type":"image\/jpeg"}],"twitter_card":"summary_large_image","twitter_misc":{"Gesch\u00e4tzte Lesezeit":"1\u00a0Minute"},"schema":{"@context":"https:\/\/schema.org","@graph":[{"@type":"WebPage","@id":"https:\/\/www.weddingportugal.com\/de\/de-wedding-packages\/kleine-hochzeitspakete-strandhochzeiten\/palasthochzeit-in-lissabon-pacos-de-concelho-palacio-de-mitra\/","url":"https:\/\/www.weddingportugal.com\/de\/de-wedding-packages\/kleine-hochzeitspakete-strandhochzeiten\/palasthochzeit-in-lissabon-pacos-de-concelho-palacio-de-mitra\/","name":"Palasthochzeit in Lissabon Pa\u00e7os de Concelho \/ Palacio de Mitra - Wedding Portugal","isPartOf":{"@id":"https:\/\/www.weddingportugal.com\/de\/#website"},"primaryImageOfPage":{"@id":"https:\/\/www.weddingportugal.com\/de\/de-wedding-packages\/kleine-hochzeitspakete-strandhochzeiten\/palasthochzeit-in-lissabon-pacos-de-concelho-palacio-de-mitra\/#primaryimage"},"image":{"@id":"https:\/\/www.weddingportugal.com\/de\/de-wedding-packages\/kleine-hochzeitspakete-strandhochzeiten\/palasthochzeit-in-lissabon-pacos-de-concelho-palacio-de-mitra\/#primaryimage"},"thumbnailUrl":"https:\/\/www.weddingportugal.com\/wp-content\/uploads\/2021\/03\/Pacos-Concelho01.jpg","datePublished":"2021-07-01T10:03:23+00:00","dateModified":"2021-07-26T17:37:46+00:00","breadcrumb":{"@id":"https:\/\/www.weddingportugal.com\/de\/de-wedding-packages\/kleine-hochzeitspakete-strandhochzeiten\/palasthochzeit-in-lissabon-pacos-de-concelho-palacio-de-mitra\/#breadcrumb"},"inLanguage":"de","potentialAction":[{"@type":"ReadAction","target":["https:\/\/www.weddingportugal.com\/de\/de-wedding-packages\/kleine-hochzeitspakete-strandhochzeiten\/palasthochzeit-in-lissabon-pacos-de-concelho-palacio-de-mitra\/"]}]},{"@type":"ImageObject","inLanguage":"de","@id":"https:\/\/www.weddingportugal.com\/de\/de-wedding-packages\/kleine-hochzeitspakete-strandhochzeiten\/palasthochzeit-in-lissabon-pacos-de-concelho-palacio-de-mitra\/#primaryimage","url":"https:\/\/www.weddingportugal.com\/wp-content\/uploads\/2021\/03\/Pacos-Concelho01.jpg","contentUrl":"https:\/\/www.weddingportugal.com\/wp-content\/uploads\/2021\/03\/Pacos-Concelho01.jpg","width":760,"height":500},{"@type":"BreadcrumbList","@id":"https:\/\/www.weddingportugal.com\/de\/de-wedding-packages\/kleine-hochzeitspakete-strandhochzeiten\/palasthochzeit-in-lissabon-pacos-de-concelho-palacio-de-mitra\/#breadcrumb","itemListElement":[{"@type":"ListItem","position":1,"name":"Home","item":"https:\/\/www.weddingportugal.com\/de\/"},{"@type":"ListItem","position":2,"name":"Hochzeitspakete","item":"https:\/\/www.weddingportugal.com\/de\/de-wedding-packages\/"},{"@type":"ListItem","position":3,"name":"Kleine Hochzeitspakete &#038; Strandhochzeiten","item":"https:\/\/www.weddingportugal.com\/de\/de-wedding-packages\/kleine-hochzeitspakete-strandhochzeiten\/"},{"@type":"ListItem","position":4,"name":"Palasthochzeit in Lissabon Pa\u00e7os de Concelho \/ Palacio de Mitra"}]},{"@type":"WebSite","@id":"https:\/\/www.weddingportugal.com\/de\/#website","url":"https:\/\/www.weddingportugal.com\/de\/","name":"Wedding Portugal","description":"We tell you why you should get your weeding in Portugal","publisher":{"@id":"https:\/\/www.weddingportugal.com\/de\/#organization"},"potentialAction":[{"@type":"SearchAction","target":{"@type":"EntryPoint","urlTemplate":"https:\/\/www.weddingportugal.com\/de\/?s={search_term_string}"},"query-input":{"@type":"PropertyValueSpecification","valueRequired":true,"valueName":"search_term_string"}}],"inLanguage":"de"},{"@type":"Organization","@id":"https:\/\/www.weddingportugal.com\/de\/#organization","name":"Wedding Portugal","url":"https:\/\/www.weddingportugal.com\/de\/","logo":{"@type":"ImageObject","inLanguage":"de","@id":"https:\/\/www.weddingportugal.com\/de\/#\/schema\/logo\/image\/","url":"https:\/\/www.weddingportugal.com\/wp-content\/uploads\/2020\/02\/cropped-logo-WeddingPortugal.png","contentUrl":"https:\/\/www.weddingportugal.com\/wp-content\/uploads\/2020\/02\/cropped-logo-WeddingPortugal.png","width":523,"height":89,"caption":"Wedding Portugal"},"image":{"@id":"https:\/\/www.weddingportugal.com\/de\/#\/schema\/logo\/image\/"}}]}},"_links":{"self":[{"href":"https:\/\/www.weddingportugal.com\/de\/wp-json\/wp\/v2\/pages\/4283","targetHints":{"allow":["GET"]}}],"collection":[{"href":"https:\/\/www.weddingportugal.com\/de\/wp-json\/wp\/v2\/pages"}],"about":[{"href":"https:\/\/www.weddingportugal.com\/de\/wp-json\/wp\/v2\/types\/page"}],"author":[{"embeddable":true,"href":"https:\/\/www.weddingportugal.com\/de\/wp-json\/wp\/v2\/users\/1"}],"replies":[{"embeddable":true,"href":"https:\/\/www.weddingportugal.com\/de\/wp-json\/wp\/v2\/comments?post=4283"}],"version-history":[{"count":1,"href":"https:\/\/www.weddingportugal.com\/de\/wp-json\/wp\/v2\/pages\/4283\/revisions"}],"predecessor-version":[{"id":4284,"href":"https:\/\/www.weddingportugal.com\/de\/wp-json\/wp\/v2\/pages\/4283\/revisions\/4284"}],"up":[{"embeddable":true,"href":"https:\/\/www.weddingportugal.com\/de\/wp-json\/wp\/v2\/pages\/4251"}],"wp:featuredmedia":[{"embeddable":true,"href":"https:\/\/www.weddingportugal.com\/de\/wp-json\/wp\/v2\/media\/3473"}],"wp:attachment":[{"href":"https:\/\/www.weddingportugal.com\/de\/wp-json\/wp\/v2\/media?parent=4283"}],"curies":[{"name":"wp","href":"https:\/\/api.w.org\/{rel}","templated":true}]}}